{"id":54,"date":"2018-05-15T01:21:45","date_gmt":"2018-05-15T00:21:45","guid":{"rendered":"https:\/\/pedrarolada.com\/?page_id=54"},"modified":"2018-05-23T18:19:14","modified_gmt":"2018-05-23T17:19:14","slug":"shopping","status":"publish","type":"page","link":"https:\/\/pedrarolada.com\/index.php\/shopping\/","title":{"rendered":"Shopping Center | Servi\u00e7os"},"content":{"rendered":"<p>&nbsp;<\/p>\n<p><span style=\"font-weight: 400;\"><a href=\"https:\/\/pedrarolada.com\/wp-content\/uploads\/2018\/05\/shutterstock_628434968_low.jpg\" data-rel=\"lightbox-image-0\" data-rl_title=\"\" data-rl_caption=\"\" title=\"\"><img loading=\"lazy\" decoding=\"async\" class=\"size-medium wp-image-347 alignleft\" src=\"https:\/\/pedrarolada.com\/wp-content\/uploads\/2018\/05\/shutterstock_628434968_low-300x200.jpg\" alt=\"\" width=\"300\" height=\"200\" srcset=\"https:\/\/pedrarolada.com\/wp-content\/uploads\/2018\/05\/shutterstock_628434968_low-300x200.jpg 300w, https:\/\/pedrarolada.com\/wp-content\/uploads\/2018\/05\/shutterstock_628434968_low-768x513.jpg 768w, https:\/\/pedrarolada.com\/wp-content\/uploads\/2018\/05\/shutterstock_628434968_low-1024x684.jpg 1024w, https:\/\/pedrarolada.com\/wp-content\/uploads\/2018\/05\/shutterstock_628434968_low.jpg 2000w\" sizes=\"(max-width: 300px) 100vw, 300px\" \/><\/a>Encontre o seu Espa\u00e7o de Neg\u00f3cio na \u00faltima novidade do <\/span><b>Pedra Rolada \u2013 Shopping Center<\/b><span style=\"font-weight: 400;\">.<\/span><\/p>\n<p><span style=\"font-weight: 400;\">No <\/span><b>Pedra Rolada \u2013 Shopping Center<\/b><span style=\"font-weight: 400;\"> encontra um conjunto de lojas enquadradas por um dos empreendimentos mais marcantes da cidade do Mindelo e de todo o Barlavento \u2013 <strong>Empreendimento Pedra Rolada<\/strong> &#8211; onde poder\u00e1 <strong>iniciar o seu neg\u00f3cio<\/strong> com uma <strong>localiza\u00e7\u00e3o e envolvente \u00fanicas<\/strong>, tendo o Ba\u00eda do Mindelo como pano de fundo.<\/span><\/p>\n<p><span style=\"font-weight: 400;\">Aqui, o seu novo espa\u00e7o al\u00e9m de estar situado <strong>junto \u00e0 principal avenida da cidade<\/strong>, vai tamb\u00e9m beneficiar da <strong>proximidade de um conjunto diversificado de servi\u00e7os e motivos de interesse<\/strong>, de uma malha habitacional em expans\u00e3o e de um crescente n\u00famero de empresas implantadas nas proximidades.<\/span><\/p>\n<p><span style=\"font-weight: 400;\"><a href=\"https:\/\/pedrarolada.com\/wp-content\/uploads\/2018\/05\/shutterstock_612761228_low.jpg\" data-rel=\"lightbox-image-1\" data-rl_title=\"\" data-rl_caption=\"\" title=\"\"><img loading=\"lazy\" decoding=\"async\" class=\"size-medium wp-image-348 alignleft\" src=\"https:\/\/pedrarolada.com\/wp-content\/uploads\/2018\/05\/shutterstock_612761228_low-300x200.jpg\" alt=\"\" width=\"300\" height=\"200\" srcset=\"https:\/\/pedrarolada.com\/wp-content\/uploads\/2018\/05\/shutterstock_612761228_low-300x200.jpg 300w, https:\/\/pedrarolada.com\/wp-content\/uploads\/2018\/05\/shutterstock_612761228_low-768x512.jpg 768w, https:\/\/pedrarolada.com\/wp-content\/uploads\/2018\/05\/shutterstock_612761228_low-1024x682.jpg 1024w, https:\/\/pedrarolada.com\/wp-content\/uploads\/2018\/05\/shutterstock_612761228_low.jpg 2000w\" sizes=\"(max-width: 300px) 100vw, 300px\" \/><\/a>No <\/span><b>Pedra Rolada \u2013 Shopping Center<\/b><span style=\"font-weight: 400;\"> vai descobrir uma oferta flex\u00edvel, adaptada a uma grande variedade de espa\u00e7os e utiliza\u00e7\u00f5es. Organizadas de forma a conjugar dimens\u00e3o, visibilidade e espa\u00e7os p\u00fablicos, as galerias est\u00e3o localizadas em torno de uma pra\u00e7a central que torna o local num espa\u00e7o de viv\u00eancia da comunidade envolvente, contribuindo para gerar fluxos sustentados de visitas \u00e0s galerias ao longo do tempo e assim contribuir para a fomenta\u00e7\u00e3o de neg\u00f3cio.<\/span><\/p>\n<p>&nbsp;<\/p>\n<p><span style=\"font-weight: 400;\">A <strong>Pra\u00e7a Pedra Rolada<\/strong> \u00e9 o eixo principal de distribui\u00e7\u00e3o do Pedra Rolada \u2013 Shopping Center, uma vez que \u00e9 atrav\u00e9s dela que se tem acesso a entrada principal do Centro comercial, dos escrit\u00f3rios e do audit\u00f3rio, ao mesmo tempo que \u00e9 a materializa\u00e7\u00e3o pr\u00e1tica do conceito de uma nova centralidade na cidade do Mindelo.<\/span><\/p>\n<p><span style=\"font-weight: 400;\">Encontre o seu espa\u00e7o no maior Shopping Center do Mindelo e do Barlavento. <\/span><\/p>\n<p>&nbsp;<\/p>\n","protected":false},"excerpt":{"rendered":"<p>&nbsp; Encontre o seu Espa\u00e7o de Neg\u00f3cio na \u00faltima novidade do Pedra Rolada \u2013 Shopping Center. No Pedra Rolada \u2013 Shopping Center encontra um conjunto de lojas enquadradas por um dos empreendimentos mais marcantes da cidade do Mindelo e de todo o Barlavento \u2013 Empreendimento Pedra Rolada &#8211; onde poder\u00e1 iniciar o seu neg\u00f3cio com &hellip; <\/p>\n<p class=\"link-more\"><a href=\"https:\/\/pedrarolada.com\/index.php\/shopping\/\" class=\"more-link\">Continuar a ler <span class=\"screen-reader-text\">&#8220;Shopping Center | Servi\u00e7os&#8221;<\/span><\/a><\/p>\n","protected":false},"author":1,"featured_media":156,"parent":0,"menu_order":3,"comment_status":"closed","ping_status":"closed","template":"","meta":{"footnotes":""},"class_list":["post-54","page","type-page","status-publish","has-post-thumbnail","hentry"],"_links":{"self":[{"href":"https:\/\/pedrarolada.com\/index.php\/wp-json\/wp\/v2\/pages\/54"}],"collection":[{"href":"https:\/\/pedrarolada.com\/index.php\/wp-json\/wp\/v2\/pages"}],"about":[{"href":"https:\/\/pedrarolada.com\/index.php\/wp-json\/wp\/v2\/types\/page"}],"author":[{"embeddable":true,"href":"https:\/\/pedrarolada.com\/index.php\/wp-json\/wp\/v2\/users\/1"}],"replies":[{"embeddable":true,"href":"https:\/\/pedrarolada.com\/index.php\/wp-json\/wp\/v2\/comments?post=54"}],"version-history":[{"count":14,"href":"https:\/\/pedrarolada.com\/index.php\/wp-json\/wp\/v2\/pages\/54\/revisions"}],"predecessor-version":[{"id":354,"href":"https:\/\/pedrarolada.com\/index.php\/wp-json\/wp\/v2\/pages\/54\/revisions\/354"}],"wp:featuredmedia":[{"embeddable":true,"href":"https:\/\/pedrarolada.com\/index.php\/wp-json\/wp\/v2\/media\/156"}],"wp:attachment":[{"href":"https:\/\/pedrarolada.com\/index.php\/wp-json\/wp\/v2\/media?parent=54"}],"curies":[{"name":"wp","href":"https:\/\/api.w.org\/{rel}","templated":true}]}}